{"id":111,"date":"2025-02-24T15:23:59","date_gmt":"2025-02-24T14:23:59","guid":{"rendered":"https:\/\/amm.misjonarze.pl\/?page_id=111"},"modified":"2025-12-27T15:10:50","modified_gmt":"2025-12-27T14:10:50","slug":"historia-cudownego-medalika","status":"publish","type":"page","link":"https:\/\/amm.misjonarze.pl\/?page_id=111","title":{"rendered":"Cudowny Medalik"},"content":{"rendered":"\t\t<div data-elementor-type=\"wp-page\" data-elementor-id=\"111\" class=\"elementor elementor-111\">\n\t\t\t\t\t\t<section class=\"elementor-section elementor-top-section elementor-element elementor-element-7589a503 elementor-section-stretched elementor-section-content-middle elementor-section-height-min-height elementor-section-boxed elementor-section-height-default elementor-section-items-middle\" data-id=\"7589a503\" data-element_type=\"section\" data-e-type=\"section\" data-settings=\"{&quot;stretch_section&quot;:&quot;section-stretched&quot;,&quot;background_background&quot;:&quot;classic&quot;}\">\n\t\t\t\t\t\t\t<div class=\"elementor-background-overlay\"><\/div>\n\t\t\t\t\t\t\t<div class=\"elementor-container elementor-column-gap-default\">\n\t\t\t\t\t<div class=\"elementor-column elementor-col-100 elementor-top-column elementor-element elementor-element-5f02a388\" data-id=\"5f02a388\" data-element_type=\"column\" data-e-type=\"column\">\n\t\t\t<div class=\"elementor-widget-wrap elementor-element-populated\">\n\t\t\t\t\t\t<div class=\"elementor-element elementor-element-2a193867 animated-slow elementor-invisible elementor-widget elementor-widget-heading\" data-id=\"2a193867\" data-element_type=\"widget\" data-e-type=\"widget\" data-settings=\"{&quot;_animation&quot;:&quot;fadeInUp&quot;}\" data-widget_type=\"heading.default\">\n\t\t\t\t<div class=\"elementor-widget-container\">\n\t\t\t\t\t<h2 class=\"elementor-heading-title elementor-size-default\">Stowarzyszenie AMM<\/h2>\t\t\t\t<\/div>\n\t\t\t\t<\/div>\n\t\t\t\t<div class=\"elementor-element elementor-element-2131c4ed elementor-invisible elementor-widget elementor-widget-heading\" data-id=\"2131c4ed\" data-element_type=\"widget\" data-e-type=\"widget\" data-settings=\"{&quot;_animation&quot;:&quot;zoomIn&quot;}\" data-widget_type=\"heading.default\">\n\t\t\t\t<div class=\"elementor-widget-container\">\n\t\t\t\t\t<h1 class=\"elementor-heading-title elementor-size-default\">Cudowny Medalik<\/h1>\t\t\t\t<\/div>\n\t\t\t\t<\/div>\n\t\t\t\t<div class=\"elementor-element elementor-element-4afc7bc1 envato-kit-30-div-rotate elementor-widget-divider--view-line elementor-invisible elementor-widget elementor-widget-divider\" data-id=\"4afc7bc1\" data-element_type=\"widget\" data-e-type=\"widget\" data-settings=\"{&quot;_animation&quot;:&quot;fadeIn&quot;}\" data-widget_type=\"divider.default\">\n\t\t\t\t<div class=\"elementor-widget-container\">\n\t\t\t\t\t\t\t<div class=\"elementor-divider\">\n\t\t\t<span class=\"elementor-divider-separator\">\n\t\t\t\t\t\t<\/span>\n\t\t<\/div>\n\t\t\t\t\t\t<\/div>\n\t\t\t\t<\/div>\n\t\t\t\t\t<\/div>\n\t\t<\/div>\n\t\t\t\t\t<\/div>\n\t\t<\/section>\n\t\t<div class=\"elementor-element elementor-element-600754db e-flex e-con-boxed e-con e-parent\" data-id=\"600754db\" data-element_type=\"container\" data-e-type=\"container\">\n\t\t\t\t\t<div class=\"e-con-inner\">\n\t\t\t\t<div class=\"elementor-element elementor-element-bbeaba8 elementor-widget elementor-widget-text-editor\" data-id=\"bbeaba8\" data-element_type=\"widget\" data-e-type=\"widget\" data-widget_type=\"text-editor.default\">\n\t\t\t\t<div class=\"elementor-widget-container\">\n\t\t\t\t\t\t\t\t\t<p><strong>Objawienie i jego przes\u0142anie<\/strong><\/p><p style=\"text-align: justify;\">Cudowny Medalik stanowi pok\u0142osie objawie\u0144 Naj\u015bwi\u0119tszej Panny, jakie mia\u0142y miejsce w lipcu, listopadzie i grudniu 1830 roku w kaplicy Si\u00f3str Mi\u0142osierdzia przy rue du Bac w Pary\u017cu. Matka Bo\u017ca objawi\u0142a si\u0119 w\u00f3wczas nowicjuszce zgromadzenia, siostrze Katarzynie Labour\u00e9 (1806-1876), powierzaj\u0105c jej m.in. misj\u0119 wybicia medalika. Pierwsze medaliki ukaza\u0142y si\u0119 w czerwcu 1832 roku i w kr\u00f3tkim czasie sta\u0142y si\u0119 narz\u0119dziem szczeg\u00f3lnego Bo\u017cego dzia\u0142ania, wielu uzdrowie\u0144 i nawr\u00f3ce\u0144 \u2013 st\u0105d zacz\u0119to je nazywa\u0107 cudownymi. Objawienie, zw\u0142aszcza umieszczona na awersie inwokacja: \u201eO Maryjo bez grzechu pocz\u0119ta, m\u00f3dl si\u0119 za nami, kt\u00f3rzy si\u0119 do Ciebie uciekamy\u201d, przyczyni\u0142o si\u0119 bezpo\u015brednio do og\u0142oszenia w 1854 roku przez Papie\u017ca Piusa IX dogmatu o Niepokalanym Pocz\u0119ciu Naj\u015bwi\u0119tszej Panny.<\/p><p><strong>Objawienia na rue du Bac<\/strong><\/p><p style=\"text-align: justify;\">Trzykrotne zjawienie si\u0119 Naj\u015bwi\u0119tszej Panny w 1830 roku nast\u0105pi\u0142o po d\u0142ugiej przerwie w objawieniach maryjnych, trwaj\u0105cej ok. 150 lat, i zapocz\u0105tkowa\u0142o ich now\u0105 seri\u0119. Wed\u0142ug s\u0142\u00f3w siostry Katarzyny, objawienie w kaplicy Si\u00f3str Mi\u0142osierdzia stanowi \u017ar\u00f3d\u0142o dla kolejnych objawie\u0144, kt\u00f3re w swej tre\u015bci, zw\u0142aszcza Lourdes i Fatima, nawi\u0105zuj\u0105 wprost do tego pierwszego. \u017badne objawienie maryjne nie wnios\u0142o do \u017cycia Ko\u015bcio\u0142a tre\u015bci por\u00f3wnywalnych z przes\u0142aniem Cudownego Medalika. Kolejne zjawienia si\u0119 Naj\u015bwi\u0119tszej Panny s\u0105, wedle s\u0142\u00f3w siostry Katarzyny, dope\u0142nieniem objawienia w kaplicy przy rue du Bac.<\/p><p style=\"text-align: justify;\">Pierwsze zjawienie si\u0119 Niepokalanej mia\u0142o miejsce w nocy z 18 na 19 lipca 1830 roku. Naj\u015bwi\u0119tsza Panna wybra\u0142a na pocz\u0105tek objawie\u0144 uroczysto\u015b\u0107 \u015bw. Wincentego a Paulo, za\u0142o\u017cyciela Si\u00f3str Mi\u0142osierdzia oraz Ksi\u0119\u017cy Misjonarzy, kt\u00f3ra w\u00f3wczas przypada\u0142a w lipcu (obecnie 27 wrze\u015bnia). Podczas tego nocnego spotkania powiedzia\u0142a siostrze Katarzynie, \u017ce chce powierzy\u0107 jej pewn\u0105 misj\u0119. Zapowiedzia\u0142a te\u017c trudno\u015bci, z jakimi b\u0119dzie musia\u0142a si\u0119 zmierzy\u0107 w \u017cyciu, ale jednocze\u015bnie pokaza\u0142a spos\u00f3b ich rozwi\u0105zania. Wskazuj\u0105c r\u0119k\u0105 na tabernakulum, zach\u0119ci\u0142a j\u0105, aby w chwilach trudnych przychodzi\u0142a do st\u00f3p o\u0142tarza. Zapewni\u0142a j\u0105, \u017ce w obecno\u015bci Jej Syna znajdzie rozwi\u0105zanie ka\u017cdego problemu.<\/p><p style=\"text-align: justify;\">Drugie zjawienie si\u0119 Niepokalanej nast\u0105pi\u0142o 27 listopada (trzecie, grudniowe, by\u0142o powt\u00f3rzeniem listopadowego) i to podczas niego dosz\u0142o do objawienia medalika. W trakcie wieczornej modlitwy w tej samej kaplicy przy rue du Bac siostra Katarzyna ujrza\u0142a Niepokalan\u0105 stoj\u0105c\u0105 na bia\u0142ej p\u00f3\u0142kuli, ubran\u0105 w bia\u0142\u0105 sukni\u0119 i bia\u0142y welon opadaj\u0105cy z obu stron do Jej st\u00f3p (b\u0142\u0119kitnosrebrzysty p\u0142aszcz doda\u0142 spowiednik). Biel symbolizowa\u0142a Niepokalane Pocz\u0119cie Maryi. W d\u0142oniach, na wysoko\u015bci piersi, trzyma\u0142a za\u015b z\u0142oty glob z ma\u0142ym krzy\u017cem na jego szczycie, symbolizuj\u0105cy odkupion\u0105 ludzko\u015b\u0107. Maryja mia\u0142a wzrok skierowany ku g\u00f3rze, a unosz\u0105c nieco kul\u0119 ziemsk\u0105, trwa\u0142a na modlitwie do Syna. Katarzyna us\u0142ysza\u0142a g\u0142os m\u00f3wi\u0105cy jej: \u201eKula, kt\u00f3r\u0105 widzisz, wyobra\u017ca \u015bwiat ca\u0142y [\u2026] i ka\u017cdego cz\u0142owieka z osobna\u201d. Dostrzeg\u0142a nawet na kuli ziemskiej kontury Francji, w\u0142asnej ojczyzny. W trakcie objawienia na palcach Maryi pojawi\u0142y si\u0119 pier\u015bcienie, z kt\u00f3rych zacz\u0119\u0142y wychodzi\u0107 promienie \u015bwiat\u0142a (symbol Bo\u017cych \u0142ask), opromieniaj\u0105c trzymany w d\u0142oniach glob. Maryja wyja\u015bni\u0142a siostrze Katarzynie, \u017ce promienie \u015bwiat\u0142a \u201esymbolizuj\u0105 \u0142aski, jakie za moim po\u015brednictwem sp\u0142ywaj\u0105 na osoby, kt\u00f3re mnie o nie prosz\u0105\u201d.<\/p><p style=\"text-align: justify;\">Wizja Niepokalanej z globem w d\u0142oniach stanowi serce wszystkich trzech objawie\u0144 i ich podstawowe przes\u0142anie: Maryja, Bo\u017ca Rodzicielka i Niepokalanie Pocz\u0119ta, wstawia si\u0119 w niej u Syna za ludzko\u015bci\u0105 i wyprasza dla niej \u0142aski. \u0141aski te s\u0105 \u0142askami wys\u0142u\u017conymi przez Syna, w kt\u00f3rych rozdawnictwie uczestniczy Jego Matka. Objawienie podkre\u015bla to wyra\u017anie w symbolice pier\u015bcieni (skarbiec Bo\u017cych \u0142ask) na palcach Maryi. Nie jest Ona \u017ar\u00f3d\u0142em owych \u0142ask, poniewa\u017c nie wyp\u0142ywaj\u0105 one bezpo\u015brednio z Jej r\u0105k.<\/p><p style=\"text-align: justify;\">Wstawiennicza modlitwa Niepokalanej za \u015bwiat, zw\u0142aszcza za grzesznik\u00f3w, jest tym, co szczeg\u00f3lnie le\u017ca\u0142o na sercu \u015bw. Wincentemu a Paulo, czyli trosk\u0105 o zbawienie dusz. W odpowiedzi na wezwanie Naj\u015bwi\u0119tszej Panny i w duchu zgromadzenia siostra Katarzyna otacza\u0142a szczeg\u00f3ln\u0105 trosk\u0105, poprzez pos\u0142ugiwanie i modlitw\u0119, tych, kt\u00f3rzy odwr\u00f3cili si\u0119 od Boga. W ten spos\u00f3b w\u0142\u0105czy\u0142a si\u0119 we wstawiennicz\u0105 modlitw\u0119 Maryi za \u015bwiat.<\/p><p style=\"text-align: justify;\">Wizja z globem w d\u0142oniach przesz\u0142a nast\u0119pnie w obraz awersu i rewersu medalika. Ca\u0142a wizja i jej przes\u0142anie zosta\u0142y prze\u0142o\u017cone na j\u0119zyk kultu i przekazane w formie medalika ku pouczeniu i zbudowaniu ludu Bo\u017cego. Przes\u0142anie wizji Maryi z globem ziemskim w d\u0142oniach zawiera si\u0119 obecnie na jego obydwu stronach. Siostra Katarzyna us\u0142ysza\u0142a w\u00f3wczas polecenie wybicia medalika wed\u0142ug ujrzanego wzoru, jak r\u00f3wnie\u017c zapewnienie o szczeg\u00f3lnych \u0142askach dla tych, kt\u00f3rzy b\u0119d\u0105 go nosili z wiar\u0105 i odmawiali inwokacj\u0119.<\/p><p>\u201cPierwsze medaliki ukaza\u0142y si\u0119 w czerwcu 1832 roku i w kr\u00f3tkim czasie sta\u0142y si\u0119 narz\u0119dziem szczeg\u00f3lnego Bo\u017cego dzia\u0142ania, wielu uzdrowie\u0144 i nawr\u00f3ce\u0144 \u2212 st\u0105d zacz\u0119to je nazywa\u0107 cudownymi \u201c.<\/p>\t\t\t\t\t\t\t\t<\/div>\n\t\t\t\t<\/div>\n\t\t\t\t\t<\/div>\n\t\t\t\t<\/div>\n\t\t<div class=\"elementor-element elementor-element-1166b0b e-grid e-con-boxed e-con e-parent\" data-id=\"1166b0b\" data-element_type=\"container\" data-e-type=\"container\">\n\t\t\t\t\t<div class=\"e-con-inner\">\n\t\t\t\t<div class=\"elementor-element elementor-element-27debfd elementor-widget elementor-widget-image\" data-id=\"27debfd\" data-element_type=\"widget\" data-e-type=\"widget\" data-widget_type=\"image.default\">\n\t\t\t\t<div class=\"elementor-widget-container\">\n\t\t\t\t\t\t\t\t\t\t\t\t\t\t\t<img fetchpriority=\"high\" decoding=\"async\" width=\"720\" height=\"481\" src=\"https:\/\/amm.misjonarze.pl\/wp-content\/uploads\/2025\/02\/Medalik-1832new.png\" class=\"attachment-large size-large wp-image-165\" alt=\"\" srcset=\"https:\/\/amm.misjonarze.pl\/wp-content\/uploads\/2025\/02\/Medalik-1832new.png 771w, https:\/\/amm.misjonarze.pl\/wp-content\/uploads\/2025\/02\/Medalik-1832new-300x200.png 300w, https:\/\/amm.misjonarze.pl\/wp-content\/uploads\/2025\/02\/Medalik-1832new-768x513.png 768w\" sizes=\"(max-width: 720px) 100vw, 720px\" \/>\t\t\t\t\t\t\t\t\t\t\t\t\t\t\t<\/div>\n\t\t\t\t<\/div>\n\t\t\t\t\t<\/div>\n\t\t\t\t<\/div>\n\t\t<div class=\"elementor-element elementor-element-dfe12e6 e-flex e-con-boxed e-con e-parent\" data-id=\"dfe12e6\" data-element_type=\"container\" data-e-type=\"container\">\n\t\t\t\t\t<div class=\"e-con-inner\">\n\t\t\t\t<div class=\"elementor-element elementor-element-e464ef4 elementor-widget elementor-widget-text-editor\" data-id=\"e464ef4\" data-element_type=\"widget\" data-e-type=\"widget\" data-widget_type=\"text-editor.default\">\n\t\t\t\t<div class=\"elementor-widget-container\">\n\t\t\t\t\t\t\t\t\t<p><strong>Symbolika Cudownego Medalika<\/strong><\/p><p style=\"text-align: justify;\"><strong>AWERS.<\/strong> Przedstawia Naj\u015bwi\u0119tsz\u0105 Pann\u0119 jako Niepokalanie Pocz\u0119t\u0105, czyli woln\u0105 od wszelkiej zmazy grzechu. Kula ziemska, trzymana przez Maryj\u0119 w d\u0142oniach, znik\u0142a. Pojawi\u0142a si\u0119 natomiast pod Jej stopami, lecz w innej postaci, tj. koloru brunatnego i z w\u0119\u017cem, kt\u00f3remu Maryja mia\u017cd\u017cy g\u0142ow\u0119. Niepokalana zosta\u0142a teraz przedstawiona jako uczestnicz\u0105ca w naszych zmaganiach ze z\u0142em i wspomagaj\u0105ca nas w drodze do pe\u0142nego zjednoczenia ze swym Synem (obraz \u0142ask w promieniach \u015bwiat\u0142a). Awers medalika wi\u0105\u017ce temat obdarowywania \u0142askami z tematem zwyci\u0119stwa nad z\u0142em w graficznym zestawieniu obu motyw\u00f3w: w\u0105\u017c na powierzchni ziemi i kieruj\u0105ce si\u0119 w jej stron\u0119 promienie. Zwyci\u0119stwo nad z\u0142em dokonuje si\u0119 dzi\u0119ki Bo\u017cej \u0142asce, w kt\u00f3rej wypraszaniu i rozdawnictwie Niepokalana pe\u0142ni szczeg\u00f3ln\u0105 rol\u0119. T\u0119 rol\u0119 wyra\u017ca inwokacja: \u201eO Maryjo bez grzechu pocz\u0119ta, m\u00f3dl si\u0119 za nami, kt\u00f3rzy si\u0119 do Ciebie uciekamy\u201d. Maryja wstawia si\u0119 bezustannie za nami u Syna.<\/p><p style=\"text-align: justify;\">Rozbudowana wersja inwokacji (\u201e\u2026i za wszystkimi, kt\u00f3rzy si\u0119 do Ciebie nie uciekaj\u0105\u201d itd.) nie zosta\u0142a objawiona przez Maryj\u0119. Jej autorem jest \u015bw. Maksymilian Kolbe. Podobnie nie pochodzi z objawienia zawo\u0142anie \u201eO Kr\u00f3lowo bez grzechu pocz\u0119ta\u2026\u201d. Medaliki z takim zawo\u0142aniem w j\u0119z. \u0142aci\u0144skim (\u201eRegina\u2026\u201d) pojawi\u0142y si\u0119 ostatnio w obiegu. Je\u017celi dopuszczalne jest za o. Maksymilianem wyd\u0142u\u017canie inwokacji jako modlitwy (lecz nie na medaliku), to niedopuszczalne jest wprowadzanie do niej zmian (np. \u201eO Kr\u00f3lowo\u2026\u201d). Owa modlitwa zosta\u0142a objawiona przez sam\u0105 Maryj\u0119 i nie wolno jej zmienia\u0107. Potrzeba niezwyk\u0142ej zarozumia\u0142o\u015bci granicz\u0105cej wr\u0119cz z diabelsk\u0105 but\u0105, aby ro\u015bci\u0107 sobie prawo do poprawiania s\u0142\u00f3w Niepokalanej. Nale\u017cy zatem modli\u0107 si\u0119 dok\u0142adnie takimi s\u0142owami, jakich nauczy\u0142a nas Maryja. Zmienianie inwokacji na \u201eO Kr\u00f3lowo\u2026\u201d jest niefortunne jeszcze z innej racji. Zawo\u0142anie \u201eO Maryjo\u2026\u201d zawiera w sobie wszelkie wymiary Jej misji, jak Matka, Kr\u00f3lowa, Or\u0119downiczka, Po\u015bredniczka itd. Wezwanie \u201eO Kr\u00f3lowo\u2026\u201d zaw\u0119\u017ca Jej misj\u0119 do jednego wymiaru, co prowadzi do zredukowania i wypaczenia przes\u0142ania objawienia. W og\u00f3le wszelkie zmiany na medaliku s\u0105 niepo\u017c\u0105dane z racji duszpasterskich. Wprowadzaj\u0105 one w\u015br\u00f3d wiernych w\u0105tpliwo\u015bci, niepok\u00f3j, nast\u0119pnie zagubienie, a w konsekwencji prowadz\u0105 do os\u0142abienia czy nawet zanegowania prawdy Bo\u017cej. Niech przyk\u0142adem dla nas b\u0119dzie \u015bw. Katarzyna Labour\u00e9, kt\u00f3ra \u017cywo wyst\u0119powa\u0142a przeciwko pr\u00f3bom zmian na medaliku.<\/p><p><strong>REWERS.<\/strong> Na rewers medalika sk\u0142adaj\u0105 si\u0119 trzy motywy: zranione Serca Jezusa i Maryi, ponad nimi litera \u201eM\u201d z ma\u0142ym krzy\u017cem na podstawie oraz wieniec z dwunastu gwiazd.<\/p><p style=\"text-align: justify;\">Litera \u201eM\u201d ze splecionym z ni\u0105 ma\u0142ym krzy\u017cem na podstawie \u2013 to symboliczne przedstawienie Niepokalanej z wizji z globem ziemskim w d\u0142oniach. Krzy\u017c na podstawie, kt\u00f3ra jest szersza od jego ramion, wyobra\u017ca krzy\u017c stoj\u0105cy na ziemi, czyli kul\u0119 ziemsk\u0105, jak\u0105 we wspomnianej wizji Maryja trzyma w d\u0142oniach. Gest trzymania w d\u0142oniach globu wyobra\u017ca splecenie podstawy krzy\u017ca z liter\u0105 \u201eM\u201d.<\/p><p style=\"text-align: justify;\">Poni\u017cej tego symbolu znajduj\u0105 si\u0119 dwa zranione Serca, Jezusa i Jego Matki. Misja wstawiennicza Niepokalanej w wizji z globem w d\u0142oniach zosta\u0142a Jej powierzona przez Syna pod krzy\u017cem. To tam w osobie wiernego ucznia, aposto\u0142a Jana, bierze Ona w sw\u0105 macierzy\u0144sk\u0105 opiek\u0119 ca\u0142\u0105 ludzko\u015b\u0107: \u201eOto syn Tw\u00f3j\u201d (J 19,26). Umieraj\u0105cy Jezus w\u0142\u0105cza nas w t\u0119 sam\u0105 macierzy\u0144sk\u0105 relacj\u0119, jakiej do\u015bwiadczy\u0142 z Jej strony za swego ziemskiego \u017cycia i do\u015bwiadcza obecnie w niebieskiej chwale. Ten fakt stanowi podstaw\u0119 dla wstawienniczej misji Maryi: gest trzymania w d\u0142oniach globu (ludzko\u015bci) i jego przedstawianie Synowi wyrasta z misji powierzenia Jej pod krzy\u017cem odkupionej ludzko\u015bci.<\/p><p style=\"text-align: justify;\">Oba centralne motywy rewersu otacza wieniec z dwunastu gwiazd. W ca\u0142ej tradycji biblijnej gwiazda, szerzej motyw \u015bwiat\u0142a, symbolizuje Mesjasza (\u201epowstanie gwiazda z Jakuba\u201d: Lb 24,17 oraz Ml 3,20; Mt 2,2; 2 P 1,19). W Apokalipsie 2,28 i 21,23 Jezus jest nazwany gwiazd\u0105 porann\u0105, a w 22,16 lamp\u0105, kt\u00f3ra o\u015bwieca ca\u0142\u0105 ludzko\u015b\u0107. Sam Jezus stwierdza o sobie: \u201eJa jestem \u015bwiat\u0142o\u015bci\u0105 \u015bwiata\u201d (J 8,12). Liczebnik dwana\u015bcie nawi\u0105zuje za\u015b do dwunastu pokole\u0144 Izraela i nast\u0119pnie do dwunastu aposto\u0142\u00f3w wyobra\u017caj\u0105cych nowy lud Bo\u017cy, Ko\u015bci\u00f3\u0142.<\/p><p style=\"text-align: justify;\">W dwunastu gwiazdach mamy po\u0142\u0105czenie dw\u00f3ch motyw\u00f3w: Chrystusa w obrazie gwiazdy i Ko\u015bcio\u0142a w liczebniku dwana\u015bcie. Symbol b\u0119d\u0105cy fuzj\u0105 motywu gwiazdy i liczebnika dwana\u015bcie podkre\u015bla nierozdzieln\u0105 jedno\u015b\u0107 Chrystusa z Ko\u015bcio\u0142em. Jak liczebnik dwana\u015bcie nie istnieje bez gwiazdy, czyli sam w sobie (czysta abstrakcja), tak Ko\u015bci\u00f3\u0142 nie mo\u017ce istnie\u0107 bez Chrystusa. Mamy tu g\u0142\u0119bokie przes\u0142anie chrystologiczne.<\/p><p style=\"text-align: justify;\">W obrazie dwunastu gwiazd wa\u017cniejszy jest motyw gwiazdy ni\u017c liczebnik dwana\u015bcie, poniewa\u017c \u00f3w liczebnik dochodzi do g\u0142osu dzi\u0119ki motywowi gwiazdy. Dlatego dwana\u015bcie gwiazd wskazuje przede wszystkim na Chrystusa; dopiero w drugiej kolejno\u015bci \u2013 na Ko\u015bci\u00f3\u0142. Wieniec z dwunastu gwiazd na rewersie medalika nale\u017cy zatem postrzega\u0107 jako jedn\u0105 wielk\u0105 \u015bwiat\u0142o\u015b\u0107, Chrystusa, kt\u00f3ra o\u015bwieca ca\u0142\u0105 ludzko\u015b\u0107 i kt\u00f3ra, tj. Chrystus, ja\u015bnieje w swych cz\u0142onkach, czyli w ludzie Bo\u017cym.<\/p><p style=\"text-align: justify;\">Niepok\u00f3j niekt\u00f3rych wiernych budzi liczba ramion gwiazd na medaliku. Sugeruj\u0105 oni, \u017ce gwiazda pi\u0119cioczy sze\u015bcioramienna jest znakiem maso\u0144skim. Z tego powodu uciekaj\u0105 oni w gwiazd\u0119 o\u015bmioramienn\u0105. Ot\u00f3\u017c gwiazdy na Cudownym Medaliku by\u0142y od chwili jego pierwszego wybicia pi\u0119cioramienne. W staro\u017cytno\u015bci gwiazda pi\u0119cioramienna (pitagorejska) by\u0142a uznawana podobnie jak okr\u0105g za figur\u0119 doskona\u0142\u0105, poniewa\u017c niemaj\u0105c\u0105 pocz\u0105tku ani ko\u0144ca (rysuje si\u0119 j\u0105 jednym poci\u0105gni\u0119ciem r\u0119ki). Pierwsi chrze\u015bcijanie przej\u0119li j\u0105 i odnie\u015bli do Chrystusa, Alfy i Omegi. Gwiazda pi\u0119cioramienna wskazywa\u0142a te\u017c na pi\u0119\u0107 ran naszego Pana.<\/p><p style=\"text-align: justify;\">Niepokoje zwi\u0105zane z gwiazd\u0105 pi\u0119cioramienn\u0105 wynikaj\u0105 z niewiedzy oraz z l\u0119k\u00f3w s\u0142abej wiary. Symbolom funkcjonuj\u0105cym w chrze\u015bcija\u0144stwie (np. krzy\u017c) nikt i nic nie jest w stanie nada\u0107 innej tre\u015bci i sprawi\u0107, \u017ceby szkodzi\u0142y one wiernym, poniewa\u017c moc nadaje im sam B\u00f3g. A nikt nie jest pot\u0119\u017cniejszy od Niego. Z\u0142a moc mo\u017ce by\u0107 zwi\u0105zana z symbolami \u201epoga\u0144skimi\u201d, lecz nie z chrze\u015bcija\u0144skimi. Je\u017celi masoneria zacz\u0119\u0142a pos\u0142ugiwa\u0107 si\u0119 gwiazd\u0105 pi\u0119cioramienn\u0105, to nie mo\u017cemy wyrzeka\u0107 si\u0119 chrze\u015bcija\u0144skiej symboliki owej gwiazdy i z niej rezygnowa\u0107, ale nale\u017cy si\u0119 jej jeszcze mocniej trzyma\u0107 \u2013 tak jak czynimy to w przypadku krzy\u017ca. Inaczej b\u0119dziemy bardziej bali si\u0119 Z\u0142ego, ni\u017c pok\u0142adali ufno\u015b\u0107 w Bogu. Tym samym przyznamy, \u017ce Z\u0142y bardziej na nas oddzia\u0142uje od Boga. Wida\u0107 to u ludzi, kt\u00f3rzy obsesyjnie doszukuj\u0105 si\u0119 wsz\u0119dzie motyw\u00f3w wrogich Bogu. Przyk\u0142adowo w znakach chrze\u015bcija\u0144skich jak Cudowny Medalik dopatruj\u0105 si\u0119 motyw\u00f3w maso\u0144skich. Dzieje si\u0119 tak, poniewa\u017c szatan zaw\u0142adn\u0105\u0142 ich umys\u0142ami. Podpowiada im rzekome motywy maso\u0144skie w symbolach chrze\u015bcija\u0144skich, aby je odrzucili lub zmienili. Wie on bowiem, \u017ce wypieraj\u0105c si\u0119 znak\u00f3w chrze\u015bcija\u0144skich, po\u015brednio wypr\u0105 si\u0119 oni Boga. W ten spos\u00f3b osi\u0105ga sw\u00f3j cel: prowadzi do odrzucenia tego, co Bo\u017ce. My za\u015b nie mo\u017cemy by\u0107 jak chor\u0105giewka na wietrze, miotani przez nieuzasadnione obawy czy l\u0119ki, poniewa\u017c wtedy b\u0119dziemy sterowani przez szatana. My mamy mocno trzyma\u0107 si\u0119 Chrystusa i tak samo \u015bwiadomie i m\u0119\u017cnie sta\u0107 przy symbolach chrze\u015bcija\u0144skich. Kto bowiem trwa mocno w Bogu, nie l\u0119ka si\u0119 Z\u0142ego.<\/p><p style=\"text-align: justify;\">Skoro od pocz\u0105tku gwiazdy na Cudownym Medaliku by\u0142y pi\u0119cioramienne i z takimi gwiazdami sta\u0142 si\u0119 on narz\u0119dziem Bo\u017cego dzia\u0142ania, nale\u017cy trzyma\u0107 si\u0119 pierwowzoru. Zamiast l\u0119ka\u0107 si\u0119 gwiazdy pi\u0119cioramiennej, nale\u017cy bardziej zaufa\u0107 Bogu, kt\u00f3ry uczyni\u0142 j\u0105 znakiem Chrystusa \u2013 \u015awiat\u0142o\u015bci \u015bwiata.<\/p><p style=\"text-align: justify;\">Dwana\u015bcie pi\u0119cioramiennych gwiazd znajduje si\u0119 w godle Unii Europejskiej. Nie jest to przypadek. Jego tw\u00f3rcy przyznali, \u017ce inspiracj\u0105 by\u0142 dla nich Cudowny Medalik. W godle Unii mamy zatem symbol chrze\u015bcija\u0144ski.<\/p><p><strong>Przes\u0142anie Cudownego Medalika<\/strong><\/p><p style=\"text-align: justify;\">Przes\u0142anie Medalika rozwija si\u0119 od awersu do rewersu. Po nawi\u0105zaniu na awersie do walki z si\u0142ami z\u0142a, dzi\u0119ki udzielonym \u0142askom, i po zapowiedzi ostatecznego nad nimi zwyci\u0119stwa (w\u0105\u017c pod stopami Niepokalanej), na rewersie mamy obraz doskona\u0142ej jedno\u015bci Chrystusa z Ko\u015bcio\u0142em (motyw dwunastu gwiazd). Z owego mistycznego zjednoczenia Chrystusa z Ko\u015bcio\u0142em centralna cz\u0119\u015b\u0107 rewersu uwypukla dwie prawdy: 1) zjednoczenie Matki z Synem (motyw Serc), z czego wyrasta 2) misja Maryi wzgl\u0119dem powierzonego Jej opiece ludu Bo\u017cego (litera \u201eM\u201d z krzy\u017cem na podstawie).<\/p><p style=\"text-align: justify;\">Na rewersie zostaje przypisana Chrystusowi i Ko\u015bcio\u0142owi centralna pozycja. Ca\u0142y obraz rewersu i medalika jest wyobra\u017ceniem tajemnicy Ko\u015bcio\u0142a, Mistycznego Cia\u0142a Chrystusa: jedno\u015b\u0107 Chrystusa z Ko\u015bcio\u0142em (obraz dwunastu gwiazd), w ramach czego podkre\u015bla si\u0119 szczeg\u00f3ln\u0105 pozycj\u0119 i misj\u0119 Matki Odkupiciela i naszej. W przes\u0142aniu Cudownego Medalika, jak uczyni to ponad 130 lat p\u00f3\u017aniej Sob\u00f3r Watyka\u0144ski II, pos\u0142annictwo Niepokalanej jest przedstawione w kontek\u015bcie tajemnicy Chrystusa i Ko\u015bcio\u0142a. Jaka niezwyk\u0142a poprawno\u015b\u0107 teologiczna!<\/p><p style=\"text-align: justify;\">Rewers medalika stanowi kulminacj\u0119 ca\u0142ego objawienia w obrazie ostatecznej doskona\u0142o\u015bci Ko\u015bcio\u0142a. Nienaruszona przez grzech doskona\u0142o\u015b\u0107 Niepokalanej, podkre\u015blona w symbolice bieli (ubrana na bia\u0142o i stoj\u0105ca na bia\u0142ej p\u00f3\u0142kuli), stanowi zapowied\u017a odzyskanej, ostatecznej doskona\u0142o\u015bci ca\u0142ej reszty odkupionych (symbolika z\u0142otego globu nawi\u0105zuj\u0105ca do Izajaszowego \u201eprzetopieni jak z\u0142oto w tyglu\u201d). W tym kontek\u015bcie wstawiennicza modlitwa Maryi z wizji z globem w d\u0142oniach, przedstawiona symbolicznie na rewersie, jawi si\u0119 jako pro\u015bba o ostateczne wype\u0142nienie si\u0119 historii zbawienia. O to prosi autor Apokalipsy: \u201ePrzyjd\u017a, Panie Jezu\u201d (22,20), o to modlili si\u0119 pierwsi chrze\u015bcijanie: \u201eNiech przeminie ten \u015bwiat\u2026\u201d (Didache X, 6) i o to modli si\u0119 stale ca\u0142y Ko\u015bci\u00f3\u0142 w pierwszych trzech pro\u015bbach \u201eOjcze nasz\u201d.<\/p><p style=\"text-align: justify;\">Na obu stronach medalika Naj\u015bwi\u0119tsza Panna jest przedstawiona jako Matka: w relacji do Syna Bo\u017cego i do nas. Maryja jako Matka Ko\u015bcio\u0142a uczestniczy w obecnych zmaganiach odkupionej ludzko\u015bci (awers), kt\u00f3rej jest najznamienitszym przedstawicielem, a moc\u0105 wys\u0142u\u017conych przez Chrystusa \u0142ask wspomaga j\u0105 w drodze do pe\u0142nego z Nim zjednoczenia (rewers). Naszym zadaniem jest rozpowszechnianie Cudownego Medalika oraz jego przes\u0142ania. A odpowiedzi\u0105 na przes\u0142anie objawienia powinno by\u0107 uczczenie Niepokalanej w Jej roli troskliwej Matki oraz w\u0142\u0105czenie si\u0119 w Jej wstawiennicz\u0105 modlitw\u0119 za odkupion\u0105 przez Jej Syna ludzko\u015b\u0107, czyli zabieganie w \u0142\u0105czno\u015bci z Ni\u0105 o zbawienie dusz. \u015awi\u0119ta Katarzyna jako wizjonerka objawienia odpowiedzia\u0142a na wezwanie Maryi przez swe czyny i modlitw\u0119, zw\u0142aszcza r\u00f3\u017ca\u0144cow\u0105. Ko\u015bci\u00f3\u0142 doceni\u0142 jej \u017cycie i prac\u0119, og\u0142aszaj\u0105c j\u0105 b\u0142ogos\u0142awion\u0105 w 1933, a \u015bwi\u0119t\u0105 w 1947 roku.<\/p><p style=\"text-align: justify;\">Wierzymy, \u017ce \u2013 zgodnie z obietnic\u0105 Niepokalanej \u2013 nasze w\u0142\u0105czenie si\u0119 w Jej modlitw\u0119 za \u015bwiatem przyczyni si\u0119 do duchowego rozwoju i wzrostu Ko\u015bcio\u0142a, a nam wyjedna obfite b\u0142ogos\u0142awie\u0144stwo.<\/p><p><em>ks. prof. Waldemar Rakocy CM<\/em><\/p><p style=\"text-align: justify;\"><i>\u201cMaryja jako Matka Kos\u0301cio\u0142a uczestniczy w obecnych zmaganiach odkupionej ludzkos\u0301ci, kt\u00f3rej jest najznamienitszym przedstawicielem, a moca\u0328 wys\u0142uz\u0307onych przez Chrystusa \u0142ask wspomaga ja\u0328 w drodze do pe\u0142nego z Nim zjednoczenia \u201c.<\/i><\/p>\t\t\t\t\t\t\t\t<\/div>\n\t\t\t\t<\/div>\n\t\t\t\t\t<\/div>\n\t\t\t\t<\/div>\n\t\t\t\t<\/div>\n\t\t\n    <div class=\"xs_social_share_widget xs_share_url after_content \t\tmain_content  wslu-style-1 wslu-share-box-shaped wslu-fill-colored wslu-none wslu-share-horizontal wslu-theme-font-no wslu-main_content\">\n\n\t\t\n        <ul>\n\t\t\t        <\/ul>\n    <\/div> \n","protected":false},"excerpt":{"rendered":"<p>Stowarzyszenie AMM Cudowny Medalik Objawienie i jego przes\u0142anie Cudowny Medalik stanowi pok\u0142osie objawie\u0144 Naj\u015bwi\u0119tszej Panny, jakie mia\u0142y miejsce w lipcu, listopadzie i grudniu 1830 roku w kaplicy Si\u00f3str Mi\u0142osierdzia przy rue du Bac w Pary\u017cu. Matka Bo\u017ca objawi\u0142a si\u0119 w\u00f3wczas nowicjuszce zgromadzenia, siostrze Katarzynie Labour\u00e9 (1806-1876), powierzaj\u0105c jej m.in. misj\u0119 wybicia medalika. Pierwsze medaliki ukaza\u0142y si\u0119 w czerwcu 1832 roku [&hellip;]<\/p>\n","protected":false},"author":1,"featured_media":0,"parent":0,"menu_order":0,"comment_status":"closed","ping_status":"closed","template":"","meta":{"footnotes":""},"class_list":["post-111","page","type-page","status-publish","hentry"],"_links":{"self":[{"href":"https:\/\/amm.misjonarze.pl\/index.php?rest_route=\/wp\/v2\/pages\/111","targetHints":{"allow":["GET"]}}],"collection":[{"href":"https:\/\/amm.misjonarze.pl\/index.php?rest_route=\/wp\/v2\/pages"}],"about":[{"href":"https:\/\/amm.misjonarze.pl\/index.php?rest_route=\/wp\/v2\/types\/page"}],"author":[{"embeddable":true,"href":"https:\/\/amm.misjonarze.pl\/index.php?rest_route=\/wp\/v2\/users\/1"}],"replies":[{"embeddable":true,"href":"https:\/\/amm.misjonarze.pl\/index.php?rest_route=%2Fwp%2Fv2%2Fcomments&post=111"}],"version-history":[{"count":12,"href":"https:\/\/amm.misjonarze.pl\/index.php?rest_route=\/wp\/v2\/pages\/111\/revisions"}],"predecessor-version":[{"id":663,"href":"https:\/\/amm.misjonarze.pl\/index.php?rest_route=\/wp\/v2\/pages\/111\/revisions\/663"}],"wp:attachment":[{"href":"https:\/\/amm.misjonarze.pl\/index.php?rest_route=%2Fwp%2Fv2%2Fmedia&parent=111"}],"curies":[{"name":"wp","href":"https:\/\/api.w.org\/{rel}","templated":true}]}}